{"id":1087,"date":"2023-12-27T08:21:52","date_gmt":"2023-12-27T07:21:52","guid":{"rendered":"https:\/\/hederaerasmus.com\/nosotros\/"},"modified":"2024-03-11T10:24:52","modified_gmt":"2024-03-11T09:24:52","slug":"qui-sommes-nous","status":"publish","type":"page","link":"https:\/\/hederaerasmus.com\/fr\/qui-sommes-nous\/","title":{"rendered":"Qui sommes-nous"},"content":{"rendered":"<div class=\"wpb-content-wrapper\"><p>[vc_section el_id=\u00a0\u00bbportada\u00a0\u00bb][vc_row full_width=\u00a0\u00bbstretch_row_content_no_spaces\u00a0\u00bb bg_type=\u00a0\u00bbimage\u00a0\u00bb parallax_style=\u00a0\u00bbvcpb-vz-jquery\u00a0\u00bb bg_image_new=\u00a0\u00bbid^201|url^https:\/\/hederaerasmus.com\/wp-content\/uploads\/2023\/12\/mans-scaled.jpg|caption^null|alt^null|title^mans|description^null\u00a0\u00bb][vc_column][vc_empty_space height=\u00a0\u00bb200px\u00a0\u00bb][vc_empty_space height=\u00a0\u00bb200px\u00a0\u00bb el_class=\u00a0\u00bbvc_hidden-sm vc_hidden-xs\u00a0\u00bb][\/vc_column][\/vc_row][\/vc_section][vc_section el_id=\u00a0\u00bbnosotros\u00a0\u00bb][vc_row][vc_column][vc_empty_space height=\u00a0\u00bb68px\u00a0\u00bb el_class=\u00a0\u00bbvc_hidden-sm vc_hidden-xs\u00a0\u00bb][vc_empty_space][vc_row_inner equal_height=\u00a0\u00bbyes\u00a0\u00bb][vc_column_inner el_class=\u00a0\u00bbcol-izq\u00a0\u00bb width=\u00a0\u00bb1\/6&Prime;][vc_single_image image=\u00a0\u00bb638&Prime; img_size=\u00a0\u00bbfull\u00a0\u00bb alignment=\u00a0\u00bbcenter\u00a0\u00bb css_animation=\u00a0\u00bbfadeInLeft\u00a0\u00bb][\/vc_column_inner][vc_column_inner width=\u00a0\u00bb2\/3&Prime;][vc_column_text el_class=\u00a0\u00bbtitulo-1&Prime;]<\/p>\n<p style=\"text-align: center;\">Qui sommes-nous?<\/p>\n<p>[\/vc_column_text][vc_column_text el_class=\u00a0\u00bblaterales-25&Prime;]Nous sommes une \u00e9quipe de cinq organismes d\u00e9di\u00e9es \u00e0 la cr\u00e9ation d&rsquo;un mod\u00e8le innovant de th\u00e9rapie familiale \u00e0 domicile.[\/vc_column_text][vc_empty_space][\/vc_column_inner][vc_column_inner el_class=\u00a0\u00bbcol-der\u00a0\u00bb width=\u00a0\u00bb1\/6&Prime;][vc_single_image image=\u00a0\u00bb634&Prime; img_size=\u00a0\u00bbfull\u00a0\u00bb alignment=\u00a0\u00bbcenter\u00a0\u00bb css_animation=\u00a0\u00bbfadeInRight\u00a0\u00bb][\/vc_column_inner][\/vc_row_inner][vc_empty_space]<div id=\"advanced-tabs-desc-wrap-3727\" class=\"ult_tabs \" style=\" \" data-tabsstyle=\"style1\"\n data-titlebg=\"rgba(0,0,0,0.01)\" data-titlecolor=\"#58762d\" data-fullheight=\"off\"\n data-titlehoverbg=\"rgba(0,0,0,0.01)\" data-titlehovercolor=\"#ddb09a\"\n data-rotatetabs=\"0\" data-responsivemode=\"Both\" data-animation=\"Fade\"\ndata-activetitle=\"#ddb09a\" data-activeicon=\"\" data-activebg=\"rgba(0,0,0,0.01)\"  data-respmode=\"Tabs\" data-respwidth=\"400\" data-scroll = \"on\" data-activeindex=\"1\"><ul id=advanced-tabs-wrap-4205 class=\"ult_tabmenu style1 \" style=\"\"><li class=\"ult_tab_li  \" data-iconcolor=\"#74777b\" data-iconhover=\"#ffffff\" style=\"background-color:rgba(0,0,0,0.01);border-color:transparent;border-width:0px;border-style:solid;border-top-left-radius:8px;\">\n\t\t\t\t\t<a href=\"#eduvic\"  id=\"eduvic\"  style=\"color:#58762d;;   \" class=\"ult_a  \">\n\t\t\t\t\t     <span class=\"ult_tab_main Both \">\n\t\t\t\t\t \t\t <span class=\"ult_tab_section\">\n\t\t\t\t\t   \t\t\t<span  data-ultimate-target='#advanced-tabs-wrap-4205 .ult-span-text'  data-responsive-json-new='{\"font-size\":\"desktop:15px;\",\"line-height\":\"\"}'  class=\"ult-span-text no_icon ult_tab_display_text ult-responsive\" style=\";\">EDUVIC<\/span>\n\t\t\t\t\t   \t\t<\/span>\n\t\t\t\t\t\t<\/span>\n\t\t\t\t\t<\/a>\n\t\t\t\t\t<\/li><li class=\"ult_tab_li  \" data-iconcolor=\"#74777b\" data-iconhover=\"#ffffff\" style=\"background-color:rgba(0,0,0,0.01);border-color:transparent;border-width:0px;border-style:solid;\">\n\t\t\t\t\t<a href=\"#agintzari\"  id=\"agintzari\"  style=\"color:#58762d;;   \" class=\"ult_a  \">\n\t\t\t\t\t     <span class=\"ult_tab_main Both \">\n\t\t\t\t\t \t\t <span class=\"ult_tab_section\">\n\t\t\t\t\t   \t\t\t<span  data-ultimate-target='#advanced-tabs-wrap-4205 .ult-span-text'  data-responsive-json-new='{\"font-size\":\"desktop:15px;\",\"line-height\":\"\"}'  class=\"ult-span-text no_icon ult_tab_display_text ult-responsive\" style=\";\">AGINTZARI<\/span>\n\t\t\t\t\t   \t\t<\/span>\n\t\t\t\t\t\t<\/span>\n\t\t\t\t\t<\/a>\n\t\t\t\t\t<\/li><li class=\"ult_tab_li  \" data-iconcolor=\"#74777b\" data-iconhover=\"#ffffff\" style=\"background-color:rgba(0,0,0,0.01);border-color:transparent;border-width:0px;border-style:solid;\">\n\t\t\t\t\t<a href=\"#caminante\"  id=\"caminante\"  style=\"color:#58762d;;   \" class=\"ult_a  \">\n\t\t\t\t\t     <span class=\"ult_tab_main Both \">\n\t\t\t\t\t \t\t <span class=\"ult_tab_section\">\n\t\t\t\t\t   \t\t\t<span  data-ultimate-target='#advanced-tabs-wrap-4205 .ult-span-text'  data-responsive-json-new='{\"font-size\":\"desktop:15px;\",\"line-height\":\"\"}'  class=\"ult-span-text no_icon ult_tab_display_text ult-responsive\" style=\";\">CAMINANTE<\/span>\n\t\t\t\t\t   \t\t<\/span>\n\t\t\t\t\t\t<\/span>\n\t\t\t\t\t<\/a>\n\t\t\t\t\t<\/li><li class=\"ult_tab_li  \" data-iconcolor=\"#74777b\" data-iconhover=\"#ffffff\" style=\"background-color:rgba(0,0,0,0.01);border-color:transparent;border-width:0px;border-style:solid;\">\n\t\t\t\t\t<a href=\"#holtis\"  id=\"holtis\"  style=\"color:#58762d;;   \" class=\"ult_a  \">\n\t\t\t\t\t     <span class=\"ult_tab_main Both \">\n\t\t\t\t\t \t\t <span class=\"ult_tab_section\">\n\t\t\t\t\t   \t\t\t<span  data-ultimate-target='#advanced-tabs-wrap-4205 .ult-span-text'  data-responsive-json-new='{\"font-size\":\"desktop:15px;\",\"line-height\":\"\"}'  class=\"ult-span-text no_icon ult_tab_display_text ult-responsive\" style=\";\">HOLTIS<\/span>\n\t\t\t\t\t   \t\t<\/span>\n\t\t\t\t\t\t<\/span>\n\t\t\t\t\t<\/a>\n\t\t\t\t\t<\/li><li class=\"ult_tab_li  \" data-iconcolor=\"#74777b\" data-iconhover=\"#ffffff\" style=\"background-color:rgba(0,0,0,0.01);border-color:transparent;border-width:0px;border-style:solid;\">\n\t\t\t\t\t<a href=\"#Bottega-dei-regazzi\"  id=\"Bottega-dei-regazzi\"  style=\"color:#58762d;;   \" class=\"ult_a  \">\n\t\t\t\t\t     <span class=\"ult_tab_main Both \">\n\t\t\t\t\t \t\t <span class=\"ult_tab_section\">\n\t\t\t\t\t   \t\t\t<span  data-ultimate-target='#advanced-tabs-wrap-4205 .ult-span-text'  data-responsive-json-new='{\"font-size\":\"desktop:15px;\",\"line-height\":\"\"}'  class=\"ult-span-text no_icon ult_tab_display_text ult-responsive\" style=\";\">BOTTEGA DEI RAGAZZI<\/span>\n\t\t\t\t\t   \t\t<\/span>\n\t\t\t\t\t\t<\/span>\n\t\t\t\t\t<\/a>\n\t\t\t\t\t<\/li><li class=\"ult_tab_li  \" data-iconcolor=\"#74777b\" data-iconhover=\"#ffffff\" style=\"background-color:rgba(0,0,0,0.01);border-color:transparent;border-width:0px;border-style:solid;border-top-right-radius:8px;\">\n\t\t\t\t\t<a href=\"#pre-face\"  id=\"pre-face\"  style=\"color:#58762d;;   \" class=\"ult_a  \">\n\t\t\t\t\t     <span class=\"ult_tab_main Both \">\n\t\t\t\t\t \t\t <span class=\"ult_tab_section\">\n\t\t\t\t\t   \t\t\t<span  data-ultimate-target='#advanced-tabs-wrap-4205 .ult-span-text'  data-responsive-json-new='{\"font-size\":\"desktop:15px;\",\"line-height\":\"\"}'  class=\"ult-span-text no_icon ult_tab_display_text ult-responsive\" style=\";\">PRE-FACE<\/span>\n\t\t\t\t\t   \t\t<\/span>\n\t\t\t\t\t\t<\/span>\n\t\t\t\t\t<\/a>\n\t\t\t\t\t<\/li><\/ul><div  data-ultimate-target='#advanced-tabs-desc-wrap-3727 .ult_tabcontent .ult_tab_min_contain  p'  data-responsive-json-new='{\"font-size\":\"\",\"line-height\":\"\"}' class=\"ult_tabcontent ult-responsive style1\" style=\"color:#74777b;\"><div class=\"ult_tab_min_contain \" >\n\t\t\t<div  class=\"ult_tabitemname\"  >\n\t\t\t\t[vc_row_inner][vc_column_inner width=\u00a0\u00bb1\/4&Prime;][vc_single_image image=\u00a0\u00bb918&Prime; img_size=\u00a0\u00bbfull\u00a0\u00bb el_class=\u00a0\u00bblogo-entidad\u00a0\u00bb][\/vc_column_inner][vc_column_inner width=\u00a0\u00bb3\/4&Prime;][vc_column_text]EDUVIC SCCL est une coop\u00e9rative d&rsquo;initiative sociale \u00e0 but non lucratif active depuis 29 ans, avec pour objectif d\u2019accompagner les personnes, en particulier les enfants, les adolescents, les jeunes et les familles. En tant que coop\u00e9rative, EDUVIC fonde son organisation et sa gestion sur les valeurs de coop\u00e9ration, \u00e0 savoir l&rsquo;entraide, la d\u00e9mocratie, l&rsquo;\u00e9galit\u00e9, l&rsquo;\u00e9quit\u00e9, la solidarit\u00e9, l&rsquo;honn\u00eatet\u00e9 et la transparence comme caract\u00e9ristiques de son travail quotidien.<\/p>\n<p>Actuellement, EDUVIC g\u00e8re de nombreux services et projets psychoth\u00e9rapeutiques et socio-\u00e9ducatifs avec divers objectifs d&rsquo;assistance. Ces projets vont de la protection et soutien \u00e0 l&rsquo;enfance (par le biais d&rsquo;EDUVIC \u00b7 Inf\u00e0ncia i Adolesc\u00e8ncia), \u00e0 l&rsquo;accompagnement psychoth\u00e9rapeutique individualis\u00e9e ou de couple (via P&amp;TI), \u00e0 l&rsquo;accompagnement des athl\u00e8tes de haut niveau (EDUVIC \u00b7 Sport), ou \u00e0 la formation professionnelle (EDUVIC \u00b7 Escola Itinere) et, bien s\u00fbr, au soutien aux familles (EDUVIC \u00b7 Familles).[\/vc_column_text][\/vc_column_inner][\/vc_row_inner]\n\t\t\t<\/div>\n\t\t\t<div  class=\"ult_tabitemname\"  >\n\t\t\t\t[vc_row_inner][vc_column_inner width=\u00a0\u00bb1\/4&Prime;][vc_single_image image=\u00a0\u00bb764&Prime; img_size=\u00a0\u00bbfull\u00a0\u00bb el_class=\u00a0\u00bblogo-entidad\u00a0\u00bb][\/vc_column_inner][vc_column_inner width=\u00a0\u00bb3\/4&Prime;][vc_column_text]AGINTZARI est une coop\u00e9rative d&rsquo;initiative sociale engag\u00e9e dans le d\u00e9veloppement social \u00e0 travers la r\u00e9ponse aux besoins sociaux et en g\u00e9n\u00e9rant de la valeur sociale. Ainsi, elle travaille \u00e0 la mise en \u0153uvre de propositions innovantes et \u00e0 la gestion de services de qualit\u00e9 orient\u00e9s vers la r\u00e9ponse aux besoins sociaux des personnes et des groupes en situations difficiles.<\/p>\n<p>Dans le domaine de l&rsquo;exclusion sociale, la pr\u00e9sence du collectif Agintzari remonte \u00e0 1977. L&rsquo;Association Agintzari a acquis une personnalit\u00e9 juridique en 1983 et depuis lors, elle a d\u00e9velopp\u00e9 une vaste activit\u00e9 de d\u00e9veloppement social, de recherche et de soin aux mineurs et jeunes en situation de risque et de vuln\u00e9rabilit\u00e9. \u00c0 cette \u00e9poque, l&rsquo;Association Agintzari g\u00e8rait diff\u00e9rentes Maisons d\u2019Accueil et d\u00e9veloppait des Programmes Socio\u00e9ducatifs pour la Famille et l&rsquo;\u00c9ducation dans la Rue \u00e0 travers les \u00c9quipes d&rsquo;Intervention Communautaire.<\/p>\n<p>En 1991, Agintzari devient Soci\u00e9t\u00e9 Coop\u00e9rative, identifiant dans ce mod\u00e8le d&rsquo;entreprise un cadre socioprofessionnel coh\u00e9rent avec son objet social et permettant une gestion d\u00e9mocratique et un engagement envers la soci\u00e9t\u00e9.<\/p>\n<p>En 2000, Agintzari a acquis le statut de Coop\u00e9rative d&rsquo;Initiative Sociale, ce qui implique une entit\u00e9 \u00e0 but non lucratif, et a \u00e9t\u00e9 d\u00e9clar\u00e9e Entit\u00e9 d&rsquo;Utilit\u00e9 Publique par le Gouvernement Basque.<\/p>\n<p>Depuis 2012, Agintzari a entrepris une strat\u00e9gie de croissance sur trois axes : plus d&rsquo;initiative sociale, plus d&rsquo;action sociale et plus d&rsquo;\u00e9conomie sociale. Cette derni\u00e8re cl\u00e9 de l&rsquo;\u00e9conomie sociale a li\u00e9 la croissance \u00e0 la cr\u00e9ation de nouvelles coop\u00e9ratives ancr\u00e9es dans chaque territoire : Zabalduz, Coop\u00e9rative d&rsquo;Initiative Sociale, Adaka, Coop\u00e9rative d&rsquo;Initiative Sociale, Hirube, Coop\u00e9rative d&rsquo;Initiative Sociale et Bogan Coop\u00e9rative de second degr\u00e9 qui incut les entit\u00e9s ci-dessus. Ainsi, en 2022, le groupe coop\u00e9ratif \u00e9tait compos\u00e9 de 986 personnes, dont 72% de femmes, majoritairement des professionnelles de l&rsquo;\u00e9ducation sociale, de la psychologie et du travail social, r\u00e9parties dans les territoires d&rsquo;Araba, Bizkaia, Gipuzkoa et Nafarroa. Pr\u00e8s de 95% de l&rsquo;activit\u00e9 s&rsquo;inscrit dans la prestation de services publics de qualit\u00e9 dans le domaine des services sociaux. Cependant, la mission et la vision d&rsquo;Agintzari l&rsquo;ont toujours amen\u00e9e \u00e0 apporter une r\u00e9ponse sociale et technique au-del\u00e0 des Services Publics qu&rsquo;elle g\u00e8re.[\/vc_column_text][\/vc_column_inner][\/vc_row_inner]\n\t\t\t<\/div>\n\t\t\t<div  class=\"ult_tabitemname\"  >\n\t\t\t\t[vc_row_inner][vc_column_inner width=\u00a0\u00bb1\/4&Prime;][vc_single_image image=\u00a0\u00bb756&Prime; img_size=\u00a0\u00bbfull\u00a0\u00bb el_class=\u00a0\u00bblogo-entidad\u00a0\u00bb][\/vc_column_inner][vc_column_inner width=\u00a0\u00bb3\/4&Prime;][vc_column_text]L&rsquo;Association Caminante, dont le si\u00e8ge administratif se trouve \u00e0 Saint Andr\u00e9 de Seignanx, a \u00e9t\u00e9 cr\u00e9\u00e9e en 1997. Dans sa philosophie de base, l&rsquo;Association Caminante reconna\u00eet que chaque personne aid\u00e9e et\/ou sa famille a le droit d&rsquo;\u00eatre diff\u00e9rente sans que cela implique un risque de discrimination ou d&rsquo;exclusion sociale.<\/p>\n<p>L&rsquo;Association Caminante permet \u00e0 tous de vivre leur citoyennet\u00e9 gr\u00e2ce \u00e0 un accompagnement soutenu, et les grands d\u00e9fis des \u00e9quipes professionnelles agissant dans les diff\u00e9rents services de Caminante sont l&rsquo;autonomie des personnes, l&rsquo;int\u00e9gration scolaire, l&rsquo;int\u00e9gration sociale et les possibilit\u00e9s d&rsquo;int\u00e9gration professionnelle.<\/p>\n<p>Au cours de ses 25 ann\u00e9es d&rsquo;existence, l&rsquo;Association Caminante a d\u00e9velopp\u00e9 de nombreux services et projets (y compris des projets europ\u00e9ens) et g\u00e8re actuellement 29 \u00e9tablissements et services dans lesquels plus de 800 personnes sont prises en charge et accompagn\u00e9es.<\/p>\n<p>Outre tous ces services, l&rsquo;Association Caminante a r\u00e9alis\u00e9 plusieurs projets europ\u00e9ens ax\u00e9s sur le soin des familles et de leurs membres, dont l&rsquo;exp\u00e9rience est particuli\u00e8rement int\u00e9ressante pour Hedera : le projet CAPEvFAIR, centr\u00e9 sur l\u2019accompagnement des femmes vuln\u00e9rables en p\u00e9riode p\u00e9rinatale en France, Espagne, Italie et Roumanie, et le projet GEFA (Grandir en famille aujourd&rsquo;hui, GIFT en anglais), auquel ont particip\u00e9 les 4 m\u00eames pays europ\u00e9ens repr\u00e9sent\u00e9s \u00e0 parts \u00e9gales par des services sociaux et m\u00e9dico-sociaux d\u2019une part et par des universit\u00e9s d\u2019autre part pour former des professionnels.[\/vc_column_text][\/vc_column_inner][\/vc_row_inner]\n\t\t\t<\/div>\n\t\t\t<div  class=\"ult_tabitemname\"  >\n\t\t\t\t[vc_row_inner][vc_column_inner width=\u00a0\u00bb1\/4&Prime;][vc_single_image image=\u00a0\u00bb768&Prime; img_size=\u00a0\u00bbfull\u00a0\u00bb el_class=\u00a0\u00bblogo-entidad\u00a0\u00bb][\/vc_column_inner][vc_column_inner width=\u00a0\u00bb3\/4&Prime;][vc_column_text]L&rsquo;association HoltIS est l&rsquo;un des principaux fournisseurs de services socio\u00e9ducatifs pour parents en Roumanie. Cr\u00e9\u00e9e en 2014, elle d\u00e9veloppe depuis lors des services socio\u00e9ducatifs ax\u00e9s sur les familles et leurs membres dans plus de 1 022 localit\u00e9s diff\u00e9rentes avec un r\u00e9seau de plus de 1 670 professionnels accr\u00e9dit\u00e9s en \u00e9ducation parentale. Dans ces services, les \u00e9quipes professionnelles de HoltIS ont assist\u00e9 \u00e0 ce jour plus de 27 300 parents, atteignant plus de 44 900 enfants dans toute la Roumanie.<\/p>\n<p>Depuis 2019, en plus des services socio\u00e9ducatifs pour parents, HoltIS \u00e9tend ses domaines d&rsquo;intervention en int\u00e9grant les clubs HoltIS au service des jeunes. Actuellement, jusqu&rsquo;\u00e0 52 clubs HoltIS ont \u00e9t\u00e9 cr\u00e9\u00e9s dans le comt\u00e9 de Bacau, en partenariat avec la repr\u00e9sentation de l&rsquo;UNICEF en Roumanie.[\/vc_column_text][\/vc_column_inner][\/vc_row_inner]\n\t\t\t<\/div>\n\t\t\t<div  class=\"ult_tabitemname\"  >\n\t\t\t\t[vc_row_inner][vc_column_inner width=\u00a0\u00bb1\/4&Prime;][vc_single_image image=\u00a0\u00bb760&Prime; img_size=\u00a0\u00bbfull\u00a0\u00bb el_class=\u00a0\u00bblogo-entidad\u00a0\u00bb][\/vc_column_inner][vc_column_inner width=\u00a0\u00bb3\/4&Prime;][vc_column_text]La coop\u00e9rative italienne Bottega Dei Ragazzi a \u00e9t\u00e9 fond\u00e9e en 2004 par l&rsquo;association homonyme, et la recherche et l&rsquo;intervention socio\u00e9ducative dans le domaine de la culture de l&rsquo;enfance sont des \u00e9l\u00e9ments cl\u00e9s de son action sociale.<\/p>\n<p>\u00c0 la base de son travail avec l&rsquo;enfance est la volont\u00e9 de maintenir une formation continue de ses intervenants pour toujours exp\u00e9rimenter avec de nouvelles strat\u00e9gies \u00e9ducatives adapt\u00e9es au contexte socioculturel dans lequel nous vivons. L&rsquo;objectif ultime de notre travail est de centrer l&rsquo;attention sur l&rsquo;individu et sur la croissance de l&rsquo;enfant \u00e0 travers la r\u00e9flexion, l&rsquo;\u00e9tude, la planification et l&rsquo;engagement dans la mise en \u0153uvre concr\u00e8te de propositions et de services pour les mineurs et pour tous ces adultes qui soutiennent quotidiennement leur croissance.<\/p>\n<p>Bottega dei Ragazzi d\u00e9veloppe diff\u00e9rents services qui lui apportent exp\u00e9rience et connaissance en soin psychoth\u00e9rapeutique familiale. Ses services locaux de bien-\u00eatre psychologique (espace d&rsquo;\u00e9coute, conseil \u00e9ducatif et soutien \u00e0 la parentalit\u00e9, soutien psychologique et psychoth\u00e9rapie, m\u00e9diation familiale, etc.) et les diff\u00e9rents centres pour familles (d\u00e9di\u00e9s \u00e0 l&rsquo;attention et au soutien aux familles et \u00e0 leurs membres individuels) g\u00e9r\u00e9s par l&rsquo;entit\u00e9 sont particuli\u00e8rement pertinents pour ce projet.[\/vc_column_text][\/vc_column_inner][\/vc_row_inner]\n\t\t\t<\/div>\n\t\t\t<div  class=\"ult_tabitemname\"  >\n\t\t\t\t[vc_row_inner][vc_column_inner width=\u00a0\u00bb1\/4&Prime;][vc_column_text el_class=\u00a0\u00bblogo-preface\u00a0\u00bb]<\/p>\n<p style=\"text-align: center;\"><strong>PRE-FACE<\/strong><\/p>\n<p>[\/vc_column_text][\/vc_column_inner][vc_column_inner width=\u00a0\u00bb3\/4&Prime;][vc_column_text]S\u00e9bastien Roux a plus de 17 ans d&rsquo;exp\u00e9rience solide dans le domaine des programmes europ\u00e9ens et, en particulier, le programme d&rsquo;\u00c9ducation et de Formation Tout au Long de la Vie (EFTLV), qui en 2014 est devenu Erasmus+. Attach\u00e9 \u00e0 l&rsquo;administration centrale du Minist\u00e8re du Travail fran\u00e7ais (Minist\u00e8re des Affaires Sociales), il a d&rsquo;abord travaill\u00e9 sur le Fonds Social Europ\u00e9en au sein du minist\u00e8re. Ensuite, il a \u00e9t\u00e9 mis \u00e0 disposition de l&rsquo;agence Erasmus+ France entre 2006 et 2009.<\/p>\n<p>S\u00e9bastien Roux a cr\u00e9\u00e9 l&rsquo;entreprise individuelle Preface en 2009. Sp\u00e9cialis\u00e9 dans le programme Erasmus+, il assiste les organisations dans la conception et la gestion de projets Erasmus+ dans les secteurs de l&rsquo;\u00e9ducation et de la formation professionnelle et de l&rsquo;\u00e9ducation des adultes. Son exp\u00e9rience est donc double : \u00e0 la fois dans le suivi de ces projets lorsqu&rsquo;il travaillait au sein de l&rsquo;agence Erasmus+, et dans le soutien et la gestion de ce type de projets en tant que consultant.<\/p>\n<p>Il poss\u00e8de une exp\u00e9rience de haut niveau dans le programme Erasmus+, avec la particularit\u00e9 de couvrir tout le cycle de vie d&rsquo;un projet de coop\u00e9ration transnationale : depuis sa gen\u00e8se jusqu&rsquo;\u00e0 l&rsquo;\u00e9valuation finale, en passant par la gestion administrative et financi\u00e8re. Il a \u00e9galement une connaissance approfondie des politiques et priorit\u00e9s europ\u00e9ennes dans le domaine de l&rsquo;\u00e9ducation et de la formation professionnelle.<\/p>\n<p>Il dispense des formations sur le programme Erasmus+ et sur chacun des deux types de projets, projets de mobilit\u00e9 et de coop\u00e9ration (KA1 et KA2) et dirige des ateliers pour la mise en \u0153uvre de projets europ\u00e9ens.<\/p>\n<p>Enfin, S\u00e9bastien Roux fait partie du r\u00e9seau des d\u00e9veloppeurs de mobilit\u00e9 de l&rsquo;agence Erasmus+ France, qui reprend le r\u00f4le de l&rsquo;agence en tant que fonction d&rsquo;information et de promotion du programme. Il est \u00e9galement \u00e9valuateur externe pour cette agence demandant des projets de coop\u00e9ration (KA2), de mani\u00e8re ininterrompue depuis 2014.[\/vc_column_text][\/vc_column_inner][\/vc_row_inner]\n\t\t\t<\/div><\/div><\/div><\/div><div class=\"ult_acord advanced-tabs-desc-wrap-3727\">\n   <div class=\"ult-tabto-accordion \" style=\"width:;\"\n    data-titlecolor=\"#58762d\"  data-titlebg=\"rgba(0,0,0,0.01)\"\n     data-titlehoverbg=\"rgba(0,0,0,0.01)\" data-titlehovercolor=\"#ddb09a\" data-animation=\"Fade\"\n     data-activetitle=\"#ddb09a\" data-activeicon=\"\" data-activebg=\"rgba(0,0,0,0.01)\" data-scroll = \"on\" data-activeindex=\"1\" >\n     <dl><dt class=\"\">\n\t        \t<a class=\"ult-tabto-actitle withBorder ult_a \" id=\"eduvic\" style=\"color:#58762d;;background-color:rgba(0,0,0,0.01);border-bottom-color:transparent;border-bottom-width:0px;border-bottom-style:solid;\" href=\"#eduvic\">\n\t        \t\t<i class=\"accordion-icon\"><\/i>\n\t        \t\t\t<span class=\"ult_tab_main ult_ac_main ult_noacordicnBoth\">\n\n\t\t\t\t\t\t<span  data-ultimate-target='#advanced-tabs-wrap-4205 .ult-span-text'  data-responsive-json-new='{\"font-size\":\"desktop:15px;\",\"line-height\":\"\"}'  class=\"ult-span-text no_icon ult_acordian-text ult-responsive\" style=\";color:inherit \" >EDUVIC<\/span>\n\t\t\t\t\t\t<\/span><\/a><\/dt>\n\t            \t\t<dd class=\"ult-tabto-accordionItem ult-tabto-accolapsed\">\n\t\t\t\t            <div class=\"ult-tabto-acontent\" style=\"color:#74777b;\">\n\t\t\t\t               [vc_row_inner][vc_column_inner width=\u00a0\u00bb1\/4&Prime;][vc_single_image image=\u00a0\u00bb918&Prime; img_size=\u00a0\u00bbfull\u00a0\u00bb el_class=\u00a0\u00bblogo-entidad\u00a0\u00bb][\/vc_column_inner][vc_column_inner width=\u00a0\u00bb3\/4&Prime;][vc_column_text]EDUVIC SCCL est une coop\u00e9rative d&rsquo;initiative sociale \u00e0 but non lucratif active depuis 29 ans, avec pour objectif d\u2019accompagner les personnes, en particulier les enfants, les adolescents, les jeunes et les familles. En tant que coop\u00e9rative, EDUVIC fonde son organisation et sa gestion sur les valeurs de coop\u00e9ration, \u00e0 savoir l&rsquo;entraide, la d\u00e9mocratie, l&rsquo;\u00e9galit\u00e9, l&rsquo;\u00e9quit\u00e9, la solidarit\u00e9, l&rsquo;honn\u00eatet\u00e9 et la transparence comme caract\u00e9ristiques de son travail quotidien.<\/p>\n<p>Actuellement, EDUVIC g\u00e8re de nombreux services et projets psychoth\u00e9rapeutiques et socio-\u00e9ducatifs avec divers objectifs d&rsquo;assistance. Ces projets vont de la protection et soutien \u00e0 l&rsquo;enfance (par le biais d&rsquo;EDUVIC \u00b7 Inf\u00e0ncia i Adolesc\u00e8ncia), \u00e0 l&rsquo;accompagnement psychoth\u00e9rapeutique individualis\u00e9e ou de couple (via P&amp;TI), \u00e0 l&rsquo;accompagnement des athl\u00e8tes de haut niveau (EDUVIC \u00b7 Sport), ou \u00e0 la formation professionnelle (EDUVIC \u00b7 Escola Itinere) et, bien s\u00fbr, au soutien aux familles (EDUVIC \u00b7 Familles).[\/vc_column_text][\/vc_column_inner][\/vc_row_inner]\n\t\t\t\t            <\/div>\n\t        \t\t\t<\/dd><dt class=\"\">\n\t        \t<a class=\"ult-tabto-actitle withBorder ult_a \" id=\"agintzari\" style=\"color:#58762d;;background-color:rgba(0,0,0,0.01);border-bottom-color:transparent;border-bottom-width:0px;border-bottom-style:solid;border-bottom-color:transparent;border-bottom-width:0px;border-bottom-style:solid;\" href=\"#agintzari\">\n\t        \t\t<i class=\"accordion-icon\"><\/i>\n\t        \t\t\t<span class=\"ult_tab_main ult_ac_main ult_noacordicnBoth\">\n\n\t\t\t\t\t\t<span  data-ultimate-target='#advanced-tabs-wrap-4205 .ult-span-text'  data-responsive-json-new='{\"font-size\":\"desktop:15px;\",\"line-height\":\"\"}'  class=\"ult-span-text no_icon ult_acordian-text ult-responsive\" style=\";color:inherit \" >AGINTZARI<\/span>\n\t\t\t\t\t\t<\/span><\/a><\/dt>\n\t            \t\t<dd class=\"ult-tabto-accordionItem ult-tabto-accolapsed\">\n\t\t\t\t            <div class=\"ult-tabto-acontent\" style=\"color:#74777b;\">\n\t\t\t\t               [vc_row_inner][vc_column_inner width=\u00a0\u00bb1\/4&Prime;][vc_single_image image=\u00a0\u00bb764&Prime; img_size=\u00a0\u00bbfull\u00a0\u00bb el_class=\u00a0\u00bblogo-entidad\u00a0\u00bb][\/vc_column_inner][vc_column_inner width=\u00a0\u00bb3\/4&Prime;][vc_column_text]AGINTZARI est une coop\u00e9rative d&rsquo;initiative sociale engag\u00e9e dans le d\u00e9veloppement social \u00e0 travers la r\u00e9ponse aux besoins sociaux et en g\u00e9n\u00e9rant de la valeur sociale. Ainsi, elle travaille \u00e0 la mise en \u0153uvre de propositions innovantes et \u00e0 la gestion de services de qualit\u00e9 orient\u00e9s vers la r\u00e9ponse aux besoins sociaux des personnes et des groupes en situations difficiles.<\/p>\n<p>Dans le domaine de l&rsquo;exclusion sociale, la pr\u00e9sence du collectif Agintzari remonte \u00e0 1977. L&rsquo;Association Agintzari a acquis une personnalit\u00e9 juridique en 1983 et depuis lors, elle a d\u00e9velopp\u00e9 une vaste activit\u00e9 de d\u00e9veloppement social, de recherche et de soin aux mineurs et jeunes en situation de risque et de vuln\u00e9rabilit\u00e9. \u00c0 cette \u00e9poque, l&rsquo;Association Agintzari g\u00e8rait diff\u00e9rentes Maisons d\u2019Accueil et d\u00e9veloppait des Programmes Socio\u00e9ducatifs pour la Famille et l&rsquo;\u00c9ducation dans la Rue \u00e0 travers les \u00c9quipes d&rsquo;Intervention Communautaire.<\/p>\n<p>En 1991, Agintzari devient Soci\u00e9t\u00e9 Coop\u00e9rative, identifiant dans ce mod\u00e8le d&rsquo;entreprise un cadre socioprofessionnel coh\u00e9rent avec son objet social et permettant une gestion d\u00e9mocratique et un engagement envers la soci\u00e9t\u00e9.<\/p>\n<p>En 2000, Agintzari a acquis le statut de Coop\u00e9rative d&rsquo;Initiative Sociale, ce qui implique une entit\u00e9 \u00e0 but non lucratif, et a \u00e9t\u00e9 d\u00e9clar\u00e9e Entit\u00e9 d&rsquo;Utilit\u00e9 Publique par le Gouvernement Basque.<\/p>\n<p>Depuis 2012, Agintzari a entrepris une strat\u00e9gie de croissance sur trois axes : plus d&rsquo;initiative sociale, plus d&rsquo;action sociale et plus d&rsquo;\u00e9conomie sociale. Cette derni\u00e8re cl\u00e9 de l&rsquo;\u00e9conomie sociale a li\u00e9 la croissance \u00e0 la cr\u00e9ation de nouvelles coop\u00e9ratives ancr\u00e9es dans chaque territoire : Zabalduz, Coop\u00e9rative d&rsquo;Initiative Sociale, Adaka, Coop\u00e9rative d&rsquo;Initiative Sociale, Hirube, Coop\u00e9rative d&rsquo;Initiative Sociale et Bogan Coop\u00e9rative de second degr\u00e9 qui incut les entit\u00e9s ci-dessus. Ainsi, en 2022, le groupe coop\u00e9ratif \u00e9tait compos\u00e9 de 986 personnes, dont 72% de femmes, majoritairement des professionnelles de l&rsquo;\u00e9ducation sociale, de la psychologie et du travail social, r\u00e9parties dans les territoires d&rsquo;Araba, Bizkaia, Gipuzkoa et Nafarroa. Pr\u00e8s de 95% de l&rsquo;activit\u00e9 s&rsquo;inscrit dans la prestation de services publics de qualit\u00e9 dans le domaine des services sociaux. Cependant, la mission et la vision d&rsquo;Agintzari l&rsquo;ont toujours amen\u00e9e \u00e0 apporter une r\u00e9ponse sociale et technique au-del\u00e0 des Services Publics qu&rsquo;elle g\u00e8re.[\/vc_column_text][\/vc_column_inner][\/vc_row_inner]\n\t\t\t\t            <\/div>\n\t        \t\t\t<\/dd><dt class=\"\">\n\t        \t<a class=\"ult-tabto-actitle withBorder ult_a \" id=\"caminante\" style=\"color:#58762d;;background-color:rgba(0,0,0,0.01);border-bottom-color:transparent;border-bottom-width:0px;border-bottom-style:solid;border-bottom-color:transparent;border-bottom-width:0px;border-bottom-style:solid;border-bottom-color:transparent;border-bottom-width:0px;border-bottom-style:solid;\" href=\"#caminante\">\n\t        \t\t<i class=\"accordion-icon\"><\/i>\n\t        \t\t\t<span class=\"ult_tab_main ult_ac_main ult_noacordicnBoth\">\n\n\t\t\t\t\t\t<span  data-ultimate-target='#advanced-tabs-wrap-4205 .ult-span-text'  data-responsive-json-new='{\"font-size\":\"desktop:15px;\",\"line-height\":\"\"}'  class=\"ult-span-text no_icon ult_acordian-text ult-responsive\" style=\";color:inherit \" >CAMINANTE<\/span>\n\t\t\t\t\t\t<\/span><\/a><\/dt>\n\t            \t\t<dd class=\"ult-tabto-accordionItem ult-tabto-accolapsed\">\n\t\t\t\t            <div class=\"ult-tabto-acontent\" style=\"color:#74777b;\">\n\t\t\t\t               [vc_row_inner][vc_column_inner width=\u00a0\u00bb1\/4&Prime;][vc_single_image image=\u00a0\u00bb756&Prime; img_size=\u00a0\u00bbfull\u00a0\u00bb el_class=\u00a0\u00bblogo-entidad\u00a0\u00bb][\/vc_column_inner][vc_column_inner width=\u00a0\u00bb3\/4&Prime;][vc_column_text]L&rsquo;Association Caminante, dont le si\u00e8ge administratif se trouve \u00e0 Saint Andr\u00e9 de Seignanx, a \u00e9t\u00e9 cr\u00e9\u00e9e en 1997. Dans sa philosophie de base, l&rsquo;Association Caminante reconna\u00eet que chaque personne aid\u00e9e et\/ou sa famille a le droit d&rsquo;\u00eatre diff\u00e9rente sans que cela implique un risque de discrimination ou d&rsquo;exclusion sociale.<\/p>\n<p>L&rsquo;Association Caminante permet \u00e0 tous de vivre leur citoyennet\u00e9 gr\u00e2ce \u00e0 un accompagnement soutenu, et les grands d\u00e9fis des \u00e9quipes professionnelles agissant dans les diff\u00e9rents services de Caminante sont l&rsquo;autonomie des personnes, l&rsquo;int\u00e9gration scolaire, l&rsquo;int\u00e9gration sociale et les possibilit\u00e9s d&rsquo;int\u00e9gration professionnelle.<\/p>\n<p>Au cours de ses 25 ann\u00e9es d&rsquo;existence, l&rsquo;Association Caminante a d\u00e9velopp\u00e9 de nombreux services et projets (y compris des projets europ\u00e9ens) et g\u00e8re actuellement 29 \u00e9tablissements et services dans lesquels plus de 800 personnes sont prises en charge et accompagn\u00e9es.<\/p>\n<p>Outre tous ces services, l&rsquo;Association Caminante a r\u00e9alis\u00e9 plusieurs projets europ\u00e9ens ax\u00e9s sur le soin des familles et de leurs membres, dont l&rsquo;exp\u00e9rience est particuli\u00e8rement int\u00e9ressante pour Hedera : le projet CAPEvFAIR, centr\u00e9 sur l\u2019accompagnement des femmes vuln\u00e9rables en p\u00e9riode p\u00e9rinatale en France, Espagne, Italie et Roumanie, et le projet GEFA (Grandir en famille aujourd&rsquo;hui, GIFT en anglais), auquel ont particip\u00e9 les 4 m\u00eames pays europ\u00e9ens repr\u00e9sent\u00e9s \u00e0 parts \u00e9gales par des services sociaux et m\u00e9dico-sociaux d\u2019une part et par des universit\u00e9s d\u2019autre part pour former des professionnels.[\/vc_column_text][\/vc_column_inner][\/vc_row_inner]\n\t\t\t\t            <\/div>\n\t        \t\t\t<\/dd><dt class=\"\">\n\t        \t<a class=\"ult-tabto-actitle withBorder ult_a \" id=\"holtis\" style=\"color:#58762d;;background-color:rgba(0,0,0,0.01);border-bottom-color:transparent;border-bottom-width:0px;border-bottom-style:solid;border-bottom-color:transparent;border-bottom-width:0px;border-bottom-style:solid;border-bottom-color:transparent;border-bottom-width:0px;border-bottom-style:solid;border-bottom-color:transparent;border-bottom-width:0px;border-bottom-style:solid;\" href=\"#holtis\">\n\t        \t\t<i class=\"accordion-icon\"><\/i>\n\t        \t\t\t<span class=\"ult_tab_main ult_ac_main ult_noacordicnBoth\">\n\n\t\t\t\t\t\t<span  data-ultimate-target='#advanced-tabs-wrap-4205 .ult-span-text'  data-responsive-json-new='{\"font-size\":\"desktop:15px;\",\"line-height\":\"\"}'  class=\"ult-span-text no_icon ult_acordian-text ult-responsive\" style=\";color:inherit \" >HOLTIS<\/span>\n\t\t\t\t\t\t<\/span><\/a><\/dt>\n\t            \t\t<dd class=\"ult-tabto-accordionItem ult-tabto-accolapsed\">\n\t\t\t\t            <div class=\"ult-tabto-acontent\" style=\"color:#74777b;\">\n\t\t\t\t               [vc_row_inner][vc_column_inner width=\u00a0\u00bb1\/4&Prime;][vc_single_image image=\u00a0\u00bb768&Prime; img_size=\u00a0\u00bbfull\u00a0\u00bb el_class=\u00a0\u00bblogo-entidad\u00a0\u00bb][\/vc_column_inner][vc_column_inner width=\u00a0\u00bb3\/4&Prime;][vc_column_text]L&rsquo;association HoltIS est l&rsquo;un des principaux fournisseurs de services socio\u00e9ducatifs pour parents en Roumanie. Cr\u00e9\u00e9e en 2014, elle d\u00e9veloppe depuis lors des services socio\u00e9ducatifs ax\u00e9s sur les familles et leurs membres dans plus de 1 022 localit\u00e9s diff\u00e9rentes avec un r\u00e9seau de plus de 1 670 professionnels accr\u00e9dit\u00e9s en \u00e9ducation parentale. Dans ces services, les \u00e9quipes professionnelles de HoltIS ont assist\u00e9 \u00e0 ce jour plus de 27 300 parents, atteignant plus de 44 900 enfants dans toute la Roumanie.<\/p>\n<p>Depuis 2019, en plus des services socio\u00e9ducatifs pour parents, HoltIS \u00e9tend ses domaines d&rsquo;intervention en int\u00e9grant les clubs HoltIS au service des jeunes. Actuellement, jusqu&rsquo;\u00e0 52 clubs HoltIS ont \u00e9t\u00e9 cr\u00e9\u00e9s dans le comt\u00e9 de Bacau, en partenariat avec la repr\u00e9sentation de l&rsquo;UNICEF en Roumanie.[\/vc_column_text][\/vc_column_inner][\/vc_row_inner]\n\t\t\t\t            <\/div>\n\t        \t\t\t<\/dd><dt class=\"\">\n\t        \t<a class=\"ult-tabto-actitle withBorder ult_a \" id=\"Bottega-dei-regazzi\" style=\"color:#58762d;;background-color:rgba(0,0,0,0.01);border-bottom-color:transparent;border-bottom-width:0px;border-bottom-style:solid;border-bottom-color:transparent;border-bottom-width:0px;border-bottom-style:solid;border-bottom-color:transparent;border-bottom-width:0px;border-bottom-style:solid;border-bottom-color:transparent;border-bottom-width:0px;border-bottom-style:solid;border-bottom-color:transparent;border-bottom-width:0px;border-bottom-style:solid;\" href=\"#Bottega-dei-regazzi\">\n\t        \t\t<i class=\"accordion-icon\"><\/i>\n\t        \t\t\t<span class=\"ult_tab_main ult_ac_main ult_noacordicnBoth\">\n\n\t\t\t\t\t\t<span  data-ultimate-target='#advanced-tabs-wrap-4205 .ult-span-text'  data-responsive-json-new='{\"font-size\":\"desktop:15px;\",\"line-height\":\"\"}'  class=\"ult-span-text no_icon ult_acordian-text ult-responsive\" style=\";color:inherit \" >BOTTEGA DEI RAGAZZI<\/span>\n\t\t\t\t\t\t<\/span><\/a><\/dt>\n\t            \t\t<dd class=\"ult-tabto-accordionItem ult-tabto-accolapsed\">\n\t\t\t\t            <div class=\"ult-tabto-acontent\" style=\"color:#74777b;\">\n\t\t\t\t               [vc_row_inner][vc_column_inner width=\u00a0\u00bb1\/4&Prime;][vc_single_image image=\u00a0\u00bb760&Prime; img_size=\u00a0\u00bbfull\u00a0\u00bb el_class=\u00a0\u00bblogo-entidad\u00a0\u00bb][\/vc_column_inner][vc_column_inner width=\u00a0\u00bb3\/4&Prime;][vc_column_text]La coop\u00e9rative italienne Bottega Dei Ragazzi a \u00e9t\u00e9 fond\u00e9e en 2004 par l&rsquo;association homonyme, et la recherche et l&rsquo;intervention socio\u00e9ducative dans le domaine de la culture de l&rsquo;enfance sont des \u00e9l\u00e9ments cl\u00e9s de son action sociale.<\/p>\n<p>\u00c0 la base de son travail avec l&rsquo;enfance est la volont\u00e9 de maintenir une formation continue de ses intervenants pour toujours exp\u00e9rimenter avec de nouvelles strat\u00e9gies \u00e9ducatives adapt\u00e9es au contexte socioculturel dans lequel nous vivons. L&rsquo;objectif ultime de notre travail est de centrer l&rsquo;attention sur l&rsquo;individu et sur la croissance de l&rsquo;enfant \u00e0 travers la r\u00e9flexion, l&rsquo;\u00e9tude, la planification et l&rsquo;engagement dans la mise en \u0153uvre concr\u00e8te de propositions et de services pour les mineurs et pour tous ces adultes qui soutiennent quotidiennement leur croissance.<\/p>\n<p>Bottega dei Ragazzi d\u00e9veloppe diff\u00e9rents services qui lui apportent exp\u00e9rience et connaissance en soin psychoth\u00e9rapeutique familiale. Ses services locaux de bien-\u00eatre psychologique (espace d&rsquo;\u00e9coute, conseil \u00e9ducatif et soutien \u00e0 la parentalit\u00e9, soutien psychologique et psychoth\u00e9rapie, m\u00e9diation familiale, etc.) et les diff\u00e9rents centres pour familles (d\u00e9di\u00e9s \u00e0 l&rsquo;attention et au soutien aux familles et \u00e0 leurs membres individuels) g\u00e9r\u00e9s par l&rsquo;entit\u00e9 sont particuli\u00e8rement pertinents pour ce projet.[\/vc_column_text][\/vc_column_inner][\/vc_row_inner]\n\t\t\t\t            <\/div>\n\t        \t\t\t<\/dd><dt class=\"\">\n\t        \t<a class=\"ult-tabto-actitle withBorder ult_a \" id=\"pre-face\" style=\"color:#58762d;;background-color:rgba(0,0,0,0.01);border-bottom-color:transparent;border-bottom-width:0px;border-bottom-style:solid;border-bottom-color:transparent;border-bottom-width:0px;border-bottom-style:solid;border-bottom-color:transparent;border-bottom-width:0px;border-bottom-style:solid;border-bottom-color:transparent;border-bottom-width:0px;border-bottom-style:solid;border-bottom-color:transparent;border-bottom-width:0px;border-bottom-style:solid;border-bottom-color:transparent;border-bottom-width:0px;border-bottom-style:solid;\" href=\"#pre-face\">\n\t        \t\t<i class=\"accordion-icon\"><\/i>\n\t        \t\t\t<span class=\"ult_tab_main ult_ac_main ult_noacordicnBoth\">\n\n\t\t\t\t\t\t<span  data-ultimate-target='#advanced-tabs-wrap-4205 .ult-span-text'  data-responsive-json-new='{\"font-size\":\"desktop:15px;\",\"line-height\":\"\"}'  class=\"ult-span-text no_icon ult_acordian-text ult-responsive\" style=\";color:inherit \" >PRE-FACE<\/span>\n\t\t\t\t\t\t<\/span><\/a><\/dt>\n\t            \t\t<dd class=\"ult-tabto-accordionItem ult-tabto-accolapsed\">\n\t\t\t\t            <div class=\"ult-tabto-acontent\" style=\"color:#74777b;\">\n\t\t\t\t               [vc_row_inner][vc_column_inner width=\u00a0\u00bb1\/4&Prime;][vc_column_text el_class=\u00a0\u00bblogo-preface\u00a0\u00bb]<\/p>\n<p style=\"text-align: center;\"><strong>PRE-FACE<\/strong><\/p>\n<p>[\/vc_column_text][\/vc_column_inner][vc_column_inner width=\u00a0\u00bb3\/4&Prime;][vc_column_text]S\u00e9bastien Roux a plus de 17 ans d&rsquo;exp\u00e9rience solide dans le domaine des programmes europ\u00e9ens et, en particulier, le programme d&rsquo;\u00c9ducation et de Formation Tout au Long de la Vie (EFTLV), qui en 2014 est devenu Erasmus+. Attach\u00e9 \u00e0 l&rsquo;administration centrale du Minist\u00e8re du Travail fran\u00e7ais (Minist\u00e8re des Affaires Sociales), il a d&rsquo;abord travaill\u00e9 sur le Fonds Social Europ\u00e9en au sein du minist\u00e8re. Ensuite, il a \u00e9t\u00e9 mis \u00e0 disposition de l&rsquo;agence Erasmus+ France entre 2006 et 2009.<\/p>\n<p>S\u00e9bastien Roux a cr\u00e9\u00e9 l&rsquo;entreprise individuelle Preface en 2009. Sp\u00e9cialis\u00e9 dans le programme Erasmus+, il assiste les organisations dans la conception et la gestion de projets Erasmus+ dans les secteurs de l&rsquo;\u00e9ducation et de la formation professionnelle et de l&rsquo;\u00e9ducation des adultes. Son exp\u00e9rience est donc double : \u00e0 la fois dans le suivi de ces projets lorsqu&rsquo;il travaillait au sein de l&rsquo;agence Erasmus+, et dans le soutien et la gestion de ce type de projets en tant que consultant.<\/p>\n<p>Il poss\u00e8de une exp\u00e9rience de haut niveau dans le programme Erasmus+, avec la particularit\u00e9 de couvrir tout le cycle de vie d&rsquo;un projet de coop\u00e9ration transnationale : depuis sa gen\u00e8se jusqu&rsquo;\u00e0 l&rsquo;\u00e9valuation finale, en passant par la gestion administrative et financi\u00e8re. Il a \u00e9galement une connaissance approfondie des politiques et priorit\u00e9s europ\u00e9ennes dans le domaine de l&rsquo;\u00e9ducation et de la formation professionnelle.<\/p>\n<p>Il dispense des formations sur le programme Erasmus+ et sur chacun des deux types de projets, projets de mobilit\u00e9 et de coop\u00e9ration (KA1 et KA2) et dirige des ateliers pour la mise en \u0153uvre de projets europ\u00e9ens.<\/p>\n<p>Enfin, S\u00e9bastien Roux fait partie du r\u00e9seau des d\u00e9veloppeurs de mobilit\u00e9 de l&rsquo;agence Erasmus+ France, qui reprend le r\u00f4le de l&rsquo;agence en tant que fonction d&rsquo;information et de promotion du programme. Il est \u00e9galement \u00e9valuateur externe pour cette agence demandant des projets de coop\u00e9ration (KA2), de mani\u00e8re ininterrompue depuis 2014.[\/vc_column_text][\/vc_column_inner][\/vc_row_inner]\n\t\t\t\t            <\/div>\n\t        \t\t\t<\/dd>\n    \t<\/dl>\n    <!--<div class=\"extraborder\" style=\"background-color:rgba(0,0,0,0.01)\"><\/div>-->\n<\/div>\n\n<\/div>[\/vc_column][\/vc_row][vc_row][vc_column][vc_empty_space][\/vc_column][\/vc_row][\/vc_section]<\/p>\n<\/div>","protected":false},"excerpt":{"rendered":"<p>[vc_section el_id=\u00a0\u00bbportada\u00a0\u00bb][vc_row full_width=\u00a0\u00bbstretch_row_content_no_spaces\u00a0\u00bb bg_type=\u00a0\u00bbimage\u00a0\u00bb parallax_style=\u00a0\u00bbvcpb-vz-jquery\u00a0\u00bb bg_image_new=\u00a0\u00bbid^201|url^https:\/\/hederaerasmus.com\/wp-content\/uploads\/2023\/12\/mans-scaled.jpg|caption^null|alt^null|title^mans|description^null\u00a0\u00bb][vc_column][vc_empty_space height=\u00a0\u00bb200px\u00a0\u00bb][vc_empty_space height=\u00a0\u00bb200px\u00a0\u00bb el_class=\u00a0\u00bbvc_hidden-sm vc_hidden-xs\u00a0\u00bb][\/vc_column][\/vc_row][\/vc_section][vc_section el_id=\u00a0\u00bbnosotros\u00a0\u00bb][vc_row][vc_column][vc_empty_space height=\u00a0\u00bb68px\u00a0\u00bb el_class=\u00a0\u00bbvc_hidden-sm vc_hidden-xs\u00a0\u00bb][vc_empty_space][vc_row_inner equal_height=\u00a0\u00bbyes\u00a0\u00bb][vc_column_inner el_class=\u00a0\u00bbcol-izq\u00a0\u00bb width=\u00a0\u00bb1\/6&Prime;][vc_single_image image=\u00a0\u00bb638&Prime; img_size=\u00a0\u00bbfull\u00a0\u00bb alignment=\u00a0\u00bbcenter\u00a0\u00bb css_animation=\u00a0\u00bbfadeInLeft\u00a0\u00bb][\/vc_column_inner][vc_column_inner width=\u00a0\u00bb2\/3&Prime;][vc_column_text el_class=\u00a0\u00bbtitulo-1&Prime;] Qui sommes-nous? [\/vc_column_text][vc_column_text el_class=\u00a0\u00bblaterales-25&Prime;]Nous sommes une \u00e9quipe &#8230; <a title=\"Qui sommes-nous\" class=\"read-more\" href=\"https:\/\/hederaerasmus.com\/fr\/qui-sommes-nous\/\" aria-label=\"En savoir plus sur Qui sommes-nous\">+<\/a><\/p>\n","protected":false},"author":4,"featured_media":0,"parent":0,"menu_order":0,"comment_status":"closed","ping_status":"closed","template":"","meta":{"_acf_changed":false,"footnotes":""},"class_list":["post-1087","page","type-page","status-publish"],"acf":[],"yoast_head":"<!-- This site is optimized with the Yoast SEO plugin v27.4 - https:\/\/yoast.com\/product\/yoast-seo-wordpress\/ -->\n<title>Qui sommes-nous - Hedera<\/title>\n<meta name=\"robots\" content=\"index, follow, max-snippet:-1, max-image-preview:large, max-video-preview:-1\" \/>\n<link rel=\"canonical\" href=\"https:\/\/hederaerasmus.com\/fr\/qui-sommes-nous\/\" \/>\n<meta property=\"og:locale\" content=\"fr_FR\" \/>\n<meta property=\"og:type\" content=\"article\" \/>\n<meta property=\"og:title\" content=\"Qui sommes-nous - Hedera\" \/>\n<meta property=\"og:description\" content=\"[vc_section el_id=\u00a0\u00bbportada\u00a0\u00bb][vc_row full_width=\u00a0\u00bbstretch_row_content_no_spaces\u00a0\u00bb bg_type=\u00a0\u00bbimage\u00a0\u00bb parallax_style=\u00a0\u00bbvcpb-vz-jquery\u00a0\u00bb bg_image_new=\u00a0\u00bbid^201|url^https:\/\/hederaerasmus.com\/wp-content\/uploads\/2023\/12\/mans-scaled.jpg|caption^null|alt^null|title^mans|description^null\u00a0\u00bb][vc_column][vc_empty_space height=\u00a0\u00bb200px\u00a0\u00bb][vc_empty_space height=\u00a0\u00bb200px\u00a0\u00bb el_class=\u00a0\u00bbvc_hidden-sm vc_hidden-xs\u00a0\u00bb][\/vc_column][\/vc_row][\/vc_section][vc_section el_id=\u00a0\u00bbnosotros\u00a0\u00bb][vc_row][vc_column][vc_empty_space height=\u00a0\u00bb68px\u00a0\u00bb el_class=\u00a0\u00bbvc_hidden-sm vc_hidden-xs\u00a0\u00bb][vc_empty_space][vc_row_inner equal_height=\u00a0\u00bbyes\u00a0\u00bb][vc_column_inner el_class=\u00a0\u00bbcol-izq\u00a0\u00bb width=\u00a0\u00bb1\/6&Prime;][vc_single_image image=\u00a0\u00bb638&Prime; img_size=\u00a0\u00bbfull\u00a0\u00bb alignment=\u00a0\u00bbcenter\u00a0\u00bb css_animation=\u00a0\u00bbfadeInLeft\u00a0\u00bb][\/vc_column_inner][vc_column_inner width=\u00a0\u00bb2\/3&Prime;][vc_column_text el_class=\u00a0\u00bbtitulo-1&Prime;] Qui sommes-nous? [\/vc_column_text][vc_column_text el_class=\u00a0\u00bblaterales-25&Prime;]Nous sommes une \u00e9quipe ... +\" \/>\n<meta property=\"og:url\" content=\"https:\/\/hederaerasmus.com\/fr\/qui-sommes-nous\/\" \/>\n<meta property=\"og:site_name\" content=\"Hedera\" \/>\n<meta property=\"article:publisher\" content=\"https:\/\/www.facebook.com\/profile.php?id=61554260382997\" \/>\n<meta property=\"article:modified_time\" content=\"2024-03-11T09:24:52+00:00\" \/>\n<meta name=\"twitter:card\" content=\"summary_large_image\" \/>\n<meta name=\"twitter:label1\" content=\"Dur\u00e9e de lecture estim\u00e9e\" \/>\n\t<meta name=\"twitter:data1\" content=\"8 minutes\" \/>\n<script type=\"application\/ld+json\" class=\"yoast-schema-graph\">{\"@context\":\"https:\\\/\\\/schema.org\",\"@graph\":[{\"@type\":\"WebPage\",\"@id\":\"https:\\\/\\\/hederaerasmus.com\\\/fr\\\/qui-sommes-nous\\\/\",\"url\":\"https:\\\/\\\/hederaerasmus.com\\\/fr\\\/qui-sommes-nous\\\/\",\"name\":\"Qui sommes-nous - Hedera\",\"isPartOf\":{\"@id\":\"https:\\\/\\\/hederaerasmus.com\\\/fr\\\/#website\"},\"datePublished\":\"2023-12-27T07:21:52+00:00\",\"dateModified\":\"2024-03-11T09:24:52+00:00\",\"breadcrumb\":{\"@id\":\"https:\\\/\\\/hederaerasmus.com\\\/fr\\\/qui-sommes-nous\\\/#breadcrumb\"},\"inLanguage\":\"fr-FR\",\"potentialAction\":[{\"@type\":\"ReadAction\",\"target\":[\"https:\\\/\\\/hederaerasmus.com\\\/fr\\\/qui-sommes-nous\\\/\"]}]},{\"@type\":\"BreadcrumbList\",\"@id\":\"https:\\\/\\\/hederaerasmus.com\\\/fr\\\/qui-sommes-nous\\\/#breadcrumb\",\"itemListElement\":[{\"@type\":\"ListItem\",\"position\":1,\"name\":\"Portada\",\"item\":\"https:\\\/\\\/hederaerasmus.com\\\/fr\\\/\"},{\"@type\":\"ListItem\",\"position\":2,\"name\":\"Qui sommes-nous\"}]},{\"@type\":\"WebSite\",\"@id\":\"https:\\\/\\\/hederaerasmus.com\\\/fr\\\/#website\",\"url\":\"https:\\\/\\\/hederaerasmus.com\\\/fr\\\/\",\"name\":\"Hedera\",\"description\":\"\",\"publisher\":{\"@id\":\"https:\\\/\\\/hederaerasmus.com\\\/fr\\\/#organization\"},\"potentialAction\":[{\"@type\":\"SearchAction\",\"target\":{\"@type\":\"EntryPoint\",\"urlTemplate\":\"https:\\\/\\\/hederaerasmus.com\\\/fr\\\/?s={search_term_string}\"},\"query-input\":{\"@type\":\"PropertyValueSpecification\",\"valueRequired\":true,\"valueName\":\"search_term_string\"}}],\"inLanguage\":\"fr-FR\"},{\"@type\":\"Organization\",\"@id\":\"https:\\\/\\\/hederaerasmus.com\\\/fr\\\/#organization\",\"name\":\"Hedera\",\"url\":\"https:\\\/\\\/hederaerasmus.com\\\/fr\\\/\",\"logo\":{\"@type\":\"ImageObject\",\"inLanguage\":\"fr-FR\",\"@id\":\"https:\\\/\\\/hederaerasmus.com\\\/fr\\\/#\\\/schema\\\/logo\\\/image\\\/\",\"url\":\"https:\\\/\\\/hederaerasmus.com\\\/wp-content\\\/uploads\\\/2023\\\/06\\\/Logo.png\",\"contentUrl\":\"https:\\\/\\\/hederaerasmus.com\\\/wp-content\\\/uploads\\\/2023\\\/06\\\/Logo.png\",\"width\":2649,\"height\":2137,\"caption\":\"Hedera\"},\"image\":{\"@id\":\"https:\\\/\\\/hederaerasmus.com\\\/fr\\\/#\\\/schema\\\/logo\\\/image\\\/\"},\"sameAs\":[\"https:\\\/\\\/www.facebook.com\\\/profile.php?id=61554260382997\",\"https:\\\/\\\/www.instagram.com\\\/hedera.erasmus\"]}]}<\/script>\n<!-- \/ Yoast SEO plugin. -->","yoast_head_json":{"title":"Qui sommes-nous - Hedera","robots":{"index":"index","follow":"follow","max-snippet":"max-snippet:-1","max-image-preview":"max-image-preview:large","max-video-preview":"max-video-preview:-1"},"canonical":"https:\/\/hederaerasmus.com\/fr\/qui-sommes-nous\/","og_locale":"fr_FR","og_type":"article","og_title":"Qui sommes-nous - Hedera","og_description":"[vc_section el_id=\u00a0\u00bbportada\u00a0\u00bb][vc_row full_width=\u00a0\u00bbstretch_row_content_no_spaces\u00a0\u00bb bg_type=\u00a0\u00bbimage\u00a0\u00bb parallax_style=\u00a0\u00bbvcpb-vz-jquery\u00a0\u00bb bg_image_new=\u00a0\u00bbid^201|url^https:\/\/hederaerasmus.com\/wp-content\/uploads\/2023\/12\/mans-scaled.jpg|caption^null|alt^null|title^mans|description^null\u00a0\u00bb][vc_column][vc_empty_space height=\u00a0\u00bb200px\u00a0\u00bb][vc_empty_space height=\u00a0\u00bb200px\u00a0\u00bb el_class=\u00a0\u00bbvc_hidden-sm vc_hidden-xs\u00a0\u00bb][\/vc_column][\/vc_row][\/vc_section][vc_section el_id=\u00a0\u00bbnosotros\u00a0\u00bb][vc_row][vc_column][vc_empty_space height=\u00a0\u00bb68px\u00a0\u00bb el_class=\u00a0\u00bbvc_hidden-sm vc_hidden-xs\u00a0\u00bb][vc_empty_space][vc_row_inner equal_height=\u00a0\u00bbyes\u00a0\u00bb][vc_column_inner el_class=\u00a0\u00bbcol-izq\u00a0\u00bb width=\u00a0\u00bb1\/6&Prime;][vc_single_image image=\u00a0\u00bb638&Prime; img_size=\u00a0\u00bbfull\u00a0\u00bb alignment=\u00a0\u00bbcenter\u00a0\u00bb css_animation=\u00a0\u00bbfadeInLeft\u00a0\u00bb][\/vc_column_inner][vc_column_inner width=\u00a0\u00bb2\/3&Prime;][vc_column_text el_class=\u00a0\u00bbtitulo-1&Prime;] Qui sommes-nous? [\/vc_column_text][vc_column_text el_class=\u00a0\u00bblaterales-25&Prime;]Nous sommes une \u00e9quipe ... +","og_url":"https:\/\/hederaerasmus.com\/fr\/qui-sommes-nous\/","og_site_name":"Hedera","article_publisher":"https:\/\/www.facebook.com\/profile.php?id=61554260382997","article_modified_time":"2024-03-11T09:24:52+00:00","twitter_card":"summary_large_image","twitter_misc":{"Dur\u00e9e de lecture estim\u00e9e":"8 minutes"},"schema":{"@context":"https:\/\/schema.org","@graph":[{"@type":"WebPage","@id":"https:\/\/hederaerasmus.com\/fr\/qui-sommes-nous\/","url":"https:\/\/hederaerasmus.com\/fr\/qui-sommes-nous\/","name":"Qui sommes-nous - Hedera","isPartOf":{"@id":"https:\/\/hederaerasmus.com\/fr\/#website"},"datePublished":"2023-12-27T07:21:52+00:00","dateModified":"2024-03-11T09:24:52+00:00","breadcrumb":{"@id":"https:\/\/hederaerasmus.com\/fr\/qui-sommes-nous\/#breadcrumb"},"inLanguage":"fr-FR","potentialAction":[{"@type":"ReadAction","target":["https:\/\/hederaerasmus.com\/fr\/qui-sommes-nous\/"]}]},{"@type":"BreadcrumbList","@id":"https:\/\/hederaerasmus.com\/fr\/qui-sommes-nous\/#breadcrumb","itemListElement":[{"@type":"ListItem","position":1,"name":"Portada","item":"https:\/\/hederaerasmus.com\/fr\/"},{"@type":"ListItem","position":2,"name":"Qui sommes-nous"}]},{"@type":"WebSite","@id":"https:\/\/hederaerasmus.com\/fr\/#website","url":"https:\/\/hederaerasmus.com\/fr\/","name":"Hedera","description":"","publisher":{"@id":"https:\/\/hederaerasmus.com\/fr\/#organization"},"potentialAction":[{"@type":"SearchAction","target":{"@type":"EntryPoint","urlTemplate":"https:\/\/hederaerasmus.com\/fr\/?s={search_term_string}"},"query-input":{"@type":"PropertyValueSpecification","valueRequired":true,"valueName":"search_term_string"}}],"inLanguage":"fr-FR"},{"@type":"Organization","@id":"https:\/\/hederaerasmus.com\/fr\/#organization","name":"Hedera","url":"https:\/\/hederaerasmus.com\/fr\/","logo":{"@type":"ImageObject","inLanguage":"fr-FR","@id":"https:\/\/hederaerasmus.com\/fr\/#\/schema\/logo\/image\/","url":"https:\/\/hederaerasmus.com\/wp-content\/uploads\/2023\/06\/Logo.png","contentUrl":"https:\/\/hederaerasmus.com\/wp-content\/uploads\/2023\/06\/Logo.png","width":2649,"height":2137,"caption":"Hedera"},"image":{"@id":"https:\/\/hederaerasmus.com\/fr\/#\/schema\/logo\/image\/"},"sameAs":["https:\/\/www.facebook.com\/profile.php?id=61554260382997","https:\/\/www.instagram.com\/hedera.erasmus"]}]}},"_links":{"self":[{"href":"https:\/\/hederaerasmus.com\/fr\/wp-json\/wp\/v2\/pages\/1087","targetHints":{"allow":["GET"]}}],"collection":[{"href":"https:\/\/hederaerasmus.com\/fr\/wp-json\/wp\/v2\/pages"}],"about":[{"href":"https:\/\/hederaerasmus.com\/fr\/wp-json\/wp\/v2\/types\/page"}],"author":[{"embeddable":true,"href":"https:\/\/hederaerasmus.com\/fr\/wp-json\/wp\/v2\/users\/4"}],"replies":[{"embeddable":true,"href":"https:\/\/hederaerasmus.com\/fr\/wp-json\/wp\/v2\/comments?post=1087"}],"version-history":[{"count":3,"href":"https:\/\/hederaerasmus.com\/fr\/wp-json\/wp\/v2\/pages\/1087\/revisions"}],"predecessor-version":[{"id":1445,"href":"https:\/\/hederaerasmus.com\/fr\/wp-json\/wp\/v2\/pages\/1087\/revisions\/1445"}],"wp:attachment":[{"href":"https:\/\/hederaerasmus.com\/fr\/wp-json\/wp\/v2\/media?parent=1087"}],"curies":[{"name":"wp","href":"https:\/\/api.w.org\/{rel}","templated":true}]}}